{"id":4,"date":"2006-07-15T14:08:22","date_gmt":"2006-07-15T12:08:22","guid":{"rendered":"http:\/\/www.patrick-wagner.net\/Wordpress\/?page_id=4"},"modified":"2014-04-26T15:17:53","modified_gmt":"2014-04-26T14:17:53","slug":"4-2","status":"publish","type":"page","link":"http:\/\/www.patrick-wagner.net\/Wordpress\/?page_id=4","title":{"rendered":"Meine Organisation: Wise e.V."},"content":{"rendered":"<p><strong>Was ist Wise?<\/strong><br \/>\n<a title=\"Website von Wise e.V.\" href=\"http:\/\/sites.google.com\/site\/weltweiteinitiativeev\/\" target=\"_blank\">Wise e.V.<\/a> die \u201eWeltweite Initiative f\u00fcr Soziales Engagement e.V.\u201c<\/p>\n<p>Wir \u2013 ein Zusammenschluss engagierter B\u00fcrger &#8211; sind ein kleiner, gemeinn\u00fctziger Verein, der jungen Menschen erm\u00f6glicht, in basisnahen Sozialprojekten in Schwellen- und Entwicklungsl\u00e4ndern sozialpraktisch mitzuarbeiten und so ein Zeichen zu setzen f\u00fcr eine menschlichere Welt. Wir wollen Alternativen zum Kriegsdienst aufzeigen, Friedensarbeit erfahrbar machen und einen Ort des interkulturellen, wechselseitigen LERNENS entstehen lassen: \u201eMiteinander leben, voneinander lernen!\u201c<\/p>\n<p>Der Gedanke der Wechselseitigkeit ist zentral f\u00fcr gelungene V\u00f6lkerverst\u00e4ndigung. Auch wir k\u00f6nnen vieles vom S\u00fcden lernen. Diese R\u00fcckkopplung in die deutsche Gesellschaft (neben sinnvoller Sozial- und Entwicklungsarbeit) wollen wir \u00fcber unsere Freiwilligen (FW) u.a. mit ihren Erfahrungsberichten w\u00e4hrend des Dienstes und nach ihrer R\u00fcckkehr erreichen. Wir sind als Tr\u00e4gerorganisation f\u00fcr soziale Freiwilligendienste im Ausland staatlich anerkannt (\u00a714 b und c ZDG).<\/p>\n<p>B\u00fcrgerschaftliches Engagement:<br \/>\nWir verstehen uns als (anschluss-)offene Plattform von engagierten B\u00fcrgern, die etwas Gutes auf die Beine stellen wollen. Wir gehen den Weg der Bildung und des Dialogs &#8211; im In-und Ausland. Wir wollen, dass unsere FW Verantwortung \u00fcbernehmen \u2013 f\u00fcr sich und f\u00fcr andere \u2013 und zu (Leistungs)-Tr\u00e4gern einer gerechteren Gesellschaft reifen, indem sie sich f\u00fcr ihre Mitmenschen sozial engagieren. Unsere Freiwilligen zeigen ein ungew\u00f6hnliches Ma\u00df an Kreativit\u00e4t, Zivilcourage und Mitgestaltung &#8211; und schenken t\u00e4glich Kindern Freude und Hoffnung (z.B. in Kooperation mit \u201eClowns ohne Grenzen\u201c).<\/p>\n<p>So gesehen ist \u201eSoziales Lernen\u201c f\u00fcr die Entwicklung einer gerechteren Gesellschaft unverzichtbar und schafft \u2013 gelebt im Alltag \u2013 ein Potential f\u00fcr mehr Frieden und Gerechtigkeit.<\/p>\n<p><strong>Wir wollen:<\/strong><\/p>\n<ul>\n<li>Das Potential von Freiwilligendiensten als Lern-Orte f\u00fcr st\u00e4rkere Partizipation und Mitgestaltung einer aktiven B\u00fcrgergesellschaft aufzeigen und aussch\u00f6pfen<\/li>\n<\/ul>\n<ul>\n<li>Durch Freiwilligeneins\u00e4tze auf soziale, politische und wirtschaftliche Missst\u00e4nde hinweisen und motivieren, dass sich mehr Menschen f\u00fcr die Beiseitigung dieser Missst\u00e4nde einsetzen.<\/li>\n<\/ul>\n<ul>\n<li>Durch internationale Zusammenarbeit eine gesellschaftliche Vision \u2013 eine andere Form der Globalisierung \u2013 aufzeigen: menschlich, freundlich-solidarisch, friedlich und tolerant.<\/li>\n<\/ul>\n<p><strong>Wo und wie helfen wir?<\/strong><\/p>\n<p>Unsere Freiwilligen helfen an der Basis. Und zwar dort, wo ihre Hilfe sinnvoll ist. Wir kooperieren mit kleinen, einheimischen (lokal verwurzelten), m\u00f6glichst vorbildlichen Projekten, die einen unmittelbaren, positiven und nachhaltigen Einfluss auf ihr soziales Umfeld haben. Unter anderem helfen wir in Bolivien (Kulturhaus im Armenviertel, Theater von und f\u00fcr Benachteiligte); Brasilien (Stra\u00dfenkinder in Fortaleza); S\u00fcdafrika (Behinderte aus mittellosen Familien, Armenkinderg\u00e4rten in Townships); Nicaragua (mobile Schule und SOS-Kinderdorf in Le\u00f3n); Pal\u00e4stina (Bildung &amp; Vers\u00f6hnung); Russland (Altersheim)&#8230;<br \/>\nWer sein Wissen und K\u00f6nnen, seine Kreativit\u00e4t und sein Idealismus einbringen m\u00f6chte; wer z.B. in einer Theatergruppe Pal\u00e4stinenser und Israelis gemeinsam auf eine B\u00fchne bringen will; wer als Streetworker in Durban, Santa Cruz oder San Cristobal Kindern Mut machen oder das therapeutische Reiten f\u00fcr Behinderte oder einen \u201eChor f\u00fcr Taubstumme\u201c organisieren will, der ist bei uns richtig<\/p>\n<p>Unsere Unabh\u00e4ngigkeit ist uns wichtig. Wir arbeiten \u00fcberparteilich und \u00fcberkonfessionell \u2013 und sind von keiner Interessensgemeinschaft abh\u00e4ngig. Gerade deshalb sind wir auf Spenden aus der Bev\u00f6lkerung angewiesen.<\/p>\n<p>Wir k\u00f6nnen die Friedenseins\u00e4tze nur durchf\u00fchren, wenn wir einen Teil der anfallenden Kosten \u00fcber Spenden aus der breiten Bev\u00f6lkerung decken k\u00f6nnen.<br \/>\nBitte, helfen Sie uns helfen!<\/p>\n<p><strong>SPENDEN:<\/strong> Spenden k\u00f6nnen nat\u00fcrlich steuerlich geltend gemacht werden. Falls Sie eine Spendenbescheinigung w\u00fcnschen, schicken Sie bitte eine Email mit Ihrer Adresse an: spenden@wise-ev.de<br \/>\nHelfen Sie mit!<\/p>\n<p><strong>Kontakt<\/strong>:<br \/>\nWeltweite Initiative e. V.<br \/>\nJohann-Christoph-Hilf-Str. 3<br \/>\nKoordinierungsb\u00fcro f\u00fcr Freiwilligendienste<br \/>\n08645 Bad Elster<\/p>\n<p>info@weltweite-initiative.de<\/p>\n<p><a href=\"http:\/\/www.patrick-wagner.net\/Wordpress\/?attachment_id=680\" rel=\"attachment wp-att-680\"><img loading=\"lazy\" decoding=\"async\" class=\"aligncenter size-thumbnail wp-image-680\" title=\"Logo Weltweite Initiative f\u00fcr Soziales Engagement\" alt=\"Logo Weltweite Initiative f\u00fcr Soziales Engagement\" src=\"http:\/\/www.patrick-wagner.net\/Wordpress\/wp-content\/uploads\/2006\/07\/logo_grau21-100x100.jpg\" width=\"100\" height=\"100\" \/><\/a><\/p>\n","protected":false},"excerpt":{"rendered":"<p>Was ist Wise? Wise e.V. die \u201eWeltweite Initiative f\u00fcr Soziales Engagement e.V.\u201c Wir \u2013 ein Zusammenschluss engagierter B\u00fcrger &#8211; sind ein kleiner, gemeinn\u00fctziger Verein, der jungen Menschen erm\u00f6glicht, in basisnahen Sozialprojekten in Schwellen- und Entwicklungsl\u00e4ndern sozialpraktisch mitzuarbeiten und so ein Zeichen zu setzen f\u00fcr eine menschlichere Welt. Wir wollen Alternativen zum Kriegsdienst aufzeigen, Friedensarbeit erfahrbar [&hellip;]<\/p>\n","protected":false},"author":1,"featured_media":0,"parent":0,"menu_order":4,"comment_status":"open","ping_status":"open","template":"","meta":{"footnotes":""},"_links":{"self":[{"href":"http:\/\/www.patrick-wagner.net\/Wordpress\/index.php?rest_route=\/wp\/v2\/pages\/4"}],"collection":[{"href":"http:\/\/www.patrick-wagner.net\/Wordpress\/index.php?rest_route=\/wp\/v2\/pages"}],"about":[{"href":"http:\/\/www.patrick-wagner.net\/Wordpress\/index.php?rest_route=\/wp\/v2\/types\/page"}],"author":[{"embeddable":true,"href":"http:\/\/www.patrick-wagner.net\/Wordpress\/index.php?rest_route=\/wp\/v2\/users\/1"}],"replies":[{"embeddable":true,"href":"http:\/\/www.patrick-wagner.net\/Wordpress\/index.php?rest_route=%2Fwp%2Fv2%2Fcomments&post=4"}],"version-history":[{"count":10,"href":"http:\/\/www.patrick-wagner.net\/Wordpress\/index.php?rest_route=\/wp\/v2\/pages\/4\/revisions"}],"predecessor-version":[{"id":762,"href":"http:\/\/www.patrick-wagner.net\/Wordpress\/index.php?rest_route=\/wp\/v2\/pages\/4\/revisions\/762"}],"wp:attachment":[{"href":"http:\/\/www.patrick-wagner.net\/Wordpress\/index.php?rest_route=%2Fwp%2Fv2%2Fmedia&parent=4"}],"curies":[{"name":"wp","href":"https:\/\/api.w.org\/{rel}","templated":true}]}}